{"id":16,"date":"2015-08-17T09:44:49","date_gmt":"2015-08-17T09:44:49","guid":{"rendered":"http:\/\/bunt-statt-braun-wmk.org\/?page_id=16"},"modified":"2015-09-13T13:22:52","modified_gmt":"2015-09-13T11:22:52","slug":"ueber-uns","status":"publish","type":"page","link":"https:\/\/bunt-statt-braun-wmk.de\/?page_id=16","title":{"rendered":"\u00dcber uns"},"content":{"rendered":"<p>Aktionsb\u00fcndnis gegen Rechtsextremismus im Werra-Mei\u00dfner-Kreis<\/p>\n<p>Das Aktionsb\u00fcndnis gegen Rechtsextremismus ist f\u00fcr Demokratie und Toleranz, gegen Fremdenfeindlichkeit und Rassismus. Es ist ein Zusammenschluss diverser zivilgesellschaftlicher Akteure des Werra-Mei\u00dfner-Kreises.<\/p>\n<p>Im B\u00fcndnis sind demokratische Parteien, Kirchengemeinden, Gewerkschaften, der Kreissch\u00fclerrat WMK, soziokulturelle Einrichtungen, B\u00fcrger-, jugend- und Sportvereine sowie politische, kulturelle und lokale Projekte und B\u00fcndnisse vertreten.<\/p>\n<p>Gegr\u00fcndet im Jahr 2008 auf Initiative von B\u00fcrgerInnen aus Eschwege und Umgebung wirkt das B\u00fcndnis mit der politischen, fachlichen und moralischen Autorit\u00e4t seiner Akteure hin auf die St\u00e4rkung der zivilgesellschaftlichen und der demokratischen Kultur im Werra-Mei\u00dfner-Kreis. Es wendet sich entschlossen gegen ausl\u00e4nderfeindliche, rechtsextreme, rassistische und antisemitische Aktivit\u00e4ten.<br \/>\n<a href=\"http:\/\/bunt-statt-braun-wmk.org\/wp-content\/uploads\/2015\/08\/flyerhinten1.png\"><img loading=\"lazy\" decoding=\"async\" src=\"http:\/\/bunt-statt-braun-wmk.org\/wp-content\/uploads\/2015\/08\/flyerhinten1-300x168.png\" alt=\"flyerhinten\" width=\"300\" height=\"168\" class=\"alignnone size-medium wp-image-67\" srcset=\"https:\/\/bunt-statt-braun-wmk.de\/wp-content\/uploads\/2015\/08\/flyerhinten1-300x168.png 300w, https:\/\/bunt-statt-braun-wmk.de\/wp-content\/uploads\/2015\/08\/flyerhinten1-500x280.png 500w, https:\/\/bunt-statt-braun-wmk.de\/wp-content\/uploads\/2015\/08\/flyerhinten1.png 544w\" sizes=\"auto, (max-width: 300px) 100vw, 300px\" \/><\/a><\/p>\n<p><a href=\"http:\/\/bunt-statt-braun-wmk.org\/wp-content\/uploads\/2015\/08\/flyervorne1.png\"><img loading=\"lazy\" decoding=\"async\" src=\"http:\/\/bunt-statt-braun-wmk.org\/wp-content\/uploads\/2015\/08\/flyervorne1-300x168.png\" alt=\"flyervorne\" width=\"300\" height=\"168\" class=\"alignnone size-medium wp-image-68\" srcset=\"https:\/\/bunt-statt-braun-wmk.de\/wp-content\/uploads\/2015\/08\/flyervorne1-300x168.png 300w, https:\/\/bunt-statt-braun-wmk.de\/wp-content\/uploads\/2015\/08\/flyervorne1-500x280.png 500w, https:\/\/bunt-statt-braun-wmk.de\/wp-content\/uploads\/2015\/08\/flyervorne1.png 544w\" sizes=\"auto, (max-width: 300px) 100vw, 300px\" \/><\/a><\/p>\n","protected":false},"excerpt":{"rendered":"<p>Aktionsb\u00fcndnis gegen Rechtsextremismus im Werra-Mei\u00dfner-Kreis Das Aktionsb\u00fcndnis gegen Rechtsextremismus ist f\u00fcr Demokratie und Toleranz, gegen Fremdenfeindlichkeit und Rassismus. Es ist ein Zusammenschluss diverser zivilgesellschaftlicher Akteure des Werra-Mei\u00dfner-Kreises. Im B\u00fcndnis sind demokratische Parteien, Kirchengemeinden, Gewerkschaften, der Kreissch\u00fclerrat WMK, soziokulturelle Einrichtungen, B\u00fcrger-, &hellip; <a href=\"https:\/\/bunt-statt-braun-wmk.de\/?page_id=16\">Weiterlesen <span class=\"meta-nav\">&rarr;<\/span><\/a><\/p>\n","protected":false},"author":1,"featured_media":0,"parent":0,"menu_order":0,"comment_status":"open","ping_status":"closed","template":"sidebar-page.php","meta":{"footnotes":""},"class_list":["post-16","page","type-page","status-publish","hentry"],"_links":{"self":[{"href":"https:\/\/bunt-statt-braun-wmk.de\/index.php?rest_route=\/wp\/v2\/pages\/16","targetHints":{"allow":["GET"]}}],"collection":[{"href":"https:\/\/bunt-statt-braun-wmk.de\/index.php?rest_route=\/wp\/v2\/pages"}],"about":[{"href":"https:\/\/bunt-statt-braun-wmk.de\/index.php?rest_route=\/wp\/v2\/types\/page"}],"author":[{"embeddable":true,"href":"https:\/\/bunt-statt-braun-wmk.de\/index.php?rest_route=\/wp\/v2\/users\/1"}],"replies":[{"embeddable":true,"href":"https:\/\/bunt-statt-braun-wmk.de\/index.php?rest_route=%2Fwp%2Fv2%2Fcomments&post=16"}],"version-history":[{"count":8,"href":"https:\/\/bunt-statt-braun-wmk.de\/index.php?rest_route=\/wp\/v2\/pages\/16\/revisions"}],"predecessor-version":[{"id":70,"href":"https:\/\/bunt-statt-braun-wmk.de\/index.php?rest_route=\/wp\/v2\/pages\/16\/revisions\/70"}],"wp:attachment":[{"href":"https:\/\/bunt-statt-braun-wmk.de\/index.php?rest_route=%2Fwp%2Fv2%2Fmedia&parent=16"}],"curies":[{"name":"wp","href":"https:\/\/api.w.org\/{rel}","templated":true}]}}